{"id":89,"date":"2022-09-18T20:02:37","date_gmt":"2022-09-18T18:02:37","guid":{"rendered":"https:\/\/ncar.cz\/cze\/?page_id=89"},"modified":"2026-04-07T09:35:35","modified_gmt":"2026-04-07T07:35:35","slug":"o-nas","status":"publish","type":"page","link":"https:\/\/ncar.cz\/cze\/o-nas\/","title":{"rendered":"o ncar\u2122"},"content":{"rendered":"\n<div style=\"height:50px\" aria-hidden=\"true\" class=\"wp-block-spacer\"><\/div>\n\n\n\n<div class=\"wp-block-columns is-layout-flex wp-container-core-columns-is-layout-9d6595d7 wp-block-columns-is-layout-flex\">\n<div class=\"wp-block-column is-layout-flow wp-block-column-is-layout-flow\" style=\"flex-basis:5%\">\n<p><\/p>\n<\/div>\n\n\n\n<div class=\"wp-block-column is-layout-flow wp-block-column-is-layout-flow\" style=\"flex-basis:10%\">\n<p><img loading=\"lazy\" decoding=\"async\" width=\"128\" height=\"128\" class=\"wp-image-307\" style=\"width: 128px;\" src=\"https:\/\/ncar.cz\/cze\/wp-content\/uploads\/2022\/09\/profilem.jpg\" alt=\"\"><\/p>\n<\/div>\n\n\n\n<div class=\"wp-block-column is-layout-flow wp-block-column-is-layout-flow\" style=\"flex-basis:80%\">\n<p><strong><mark style=\"background-color:rgba(0, 0, 0, 0)\" class=\"has-inline-color has-vivid-cyan-blue-color\">Prioritou ncar\u2122<\/mark><\/strong><\/p>\n\n\n\n<p>je kompletn\u00ed nab\u00eddka slu\u017eeb spojen\u00e1 s prodejem star\u0161\u00edch osobn\u00edch i u\u017eitkov\u00fdch vozidel v\u0161ech zna\u010dek, kde je rozhoduj\u00edc\u00edm faktorem prokazateln\u00e9 ur\u010den\u00ed p\u016fvodu, po\u010det najet\u00fdch kilometr\u016f a tomu odpov\u00eddaj\u00edc\u00ed stav vozidla.<\/p>\n\n\n\n<div style=\"height:20px\" aria-hidden=\"true\" class=\"wp-block-spacer\"><\/div>\n\n\n\n<p><strong><mark style=\"background-color:rgba(0, 0, 0, 0)\" class=\"has-inline-color has-vivid-cyan-blue-color\">Snahou ncar\u2122<\/mark><\/strong><\/p>\n\n\n\n<p>je abyste Vy, na\u0161i z\u00e1kazn\u00edci, odch\u00e1zeli v\u017edy spokojeni a r\u00e1di se k n\u00e1m vraceli. Na\u0161im z\u00e1jmem je tak\u00e9 kulantn\u00ed vy\u0159\u00edzen\u00ed p\u0159\u00edpadn\u00e9 reklamace vozidla bez zbyte\u010dn\u00fdch pr\u016ftah\u016f a d\u00e1le poskytnut\u00ed dopl\u0148kov\u00fdch slu\u017eeb, kter\u00e9 na t\u011bchto str\u00e1nk\u00e1ch d\u00e1le naleznete.<\/p>\n<\/div>\n\n\n\n<div class=\"wp-block-column is-layout-flow wp-block-column-is-layout-flow\" style=\"flex-basis:5%\">\n<p><\/p>\n<\/div>\n<\/div>\n\n\n\n<div style=\"height:50px\" aria-hidden=\"true\" class=\"wp-block-spacer\"><\/div>\n\n\n\n<div class=\"wp-block-columns is-layout-flex wp-container-core-columns-is-layout-9d6595d7 wp-block-columns-is-layout-flex\">\n<div class=\"wp-block-column is-layout-flow wp-block-column-is-layout-flow\">\n<h3 class=\"wp-block-heading has-vivid-cyan-blue-color has-text-color\">Slu\u017eby ncar\u2122<\/h3>\n\n\n\n<div style=\"height:20px\" aria-hidden=\"true\" class=\"wp-block-spacer\"><\/div>\n\n\n\n<p>\u2022 zaji\u0161\u0165ujeme m\u011b\u0159en\u00ed emis\u00ed a STK<br>\u2022 vy\u0159\u00edd\u00edme pot\u0159ebn\u00e9 formality na registru vozidel<br>\u2022 VINFOTO<\/p>\n\n\n\n<p>\u2022 uzav\u00edr\u00e1me smlouvy o z\u00e1konn\u00e9m i havarijn\u00edm poji\u0161t\u011bn\u00ed vozidel<br>\u2022 zprost\u0159edkov\u00e1n\u00ed \u00fav\u011bru a leasingu<\/p>\n\n\n\n<p>\u2022 odtah osobn\u00edch vozidel do 1600 kg<br>\u2022 zap\u016fj\u010den\u00ed vozidla<br>\u2022 prov\u00e1d\u00edme \u010di\u0161t\u011bn\u00ed interi\u00e9ru a kompletn\u00ed myt\u00ed vozidel<\/p>\n\n\n\n<p>\u2022 individu\u00e1ln\u00ed dovoz vozidel dle Va\u0161\u00ed objedn\u00e1vky<\/p>\n\n\n\n<div style=\"height:6px\" aria-hidden=\"true\" class=\"wp-block-spacer\"><\/div>\n\n\n\n<div style=\"height:20px\" aria-hidden=\"true\" class=\"wp-block-spacer\"><\/div>\n\n\n\n<div style=\"height:20px\" aria-hidden=\"true\" class=\"wp-block-spacer\"><\/div>\n<\/div>\n\n\n\n<div class=\"wp-block-column is-layout-flow wp-block-column-is-layout-flow\">\n<h3 class=\"wp-block-heading\"><mark style=\"background-color:rgba(0, 0, 0, 0)\" class=\"has-inline-color has-vivid-cyan-blue-color\">Pro\u010d koupit u ncar\u2122<\/mark><\/h3>\n\n\n\n<p><br>\u2022 mo\u017enost prohl\u00eddky vozidla vlastn\u00edm mechanikem<br>\u2022 zku\u0161ebn\u00ed j\u00edzda s vybran\u00fdm vozem, kter\u00fd m\u016f\u017eete sami \u0159\u00eddit<br>\u2022 u dovezen\u00fdch automobil\u016f garantujeme p\u016fvod, po\u010det ujet\u00fdch kilometr\u016f a stav<\/p>\n\n\n\n<div class=\"wp-block-columns is-layout-flex wp-container-core-columns-is-layout-9d6595d7 wp-block-columns-is-layout-flex\">\n<div class=\"wp-block-column is-layout-flow wp-block-column-is-layout-flow\">\n<p>\u2022 jsme majiteli v\u0161ech nab\u00edzen\u00fdch vozidel<br>\u2022 \u017e\u00e1dn\u00e9 finan\u010dn\u00ed z\u00e1vazky (leasing, exekuce)<br>\u2022 \u017e\u00e1dn\u00e9 z\u00e1stavn\u00ed pr\u00e1vo<\/p>\n\n\n\n<p>\u2022 vozy nebyly po\u0161kozeny p\u0159i z\u00e1plav\u00e1ch<\/p>\n<\/div>\n\n\n\n<div class=\"wp-block-column is-layout-flow wp-block-column-is-layout-flow\">\n<blockquote class=\"wp-block-quote is-style-default has-vivid-cyan-blue-color has-white-background-color has-text-color has-background has-small-font-size is-layout-flow wp-block-quote-is-layout-flow\">\n<p>REKLAMA<\/p>\n<cite><img loading=\"lazy\" decoding=\"async\" width=\"260\" height=\"143\" class=\"wp-image-323\" style=\"width: 260px;\" src=\"https:\/\/ncar.cz\/cze\/wp-content\/uploads\/2022\/09\/rlvelke.png\" alt=\"\" srcset=\"https:\/\/ncar.cz\/cze\/wp-content\/uploads\/2022\/09\/rlvelke.png 346w, https:\/\/ncar.cz\/cze\/wp-content\/uploads\/2022\/09\/rlvelke-300x165.png 300w\" sizes=\"auto, (max-width: 260px) 100vw, 260px\" \/><\/cite><\/blockquote>\n<\/div>\n<\/div>\n\n\n\n<div style=\"height:20px\" aria-hidden=\"true\" class=\"wp-block-spacer\"><\/div>\n\n\n\n<p>Financov\u00e1n\u00ed zprost\u0159edkujeme u n\u00e1s v m\u00edst\u011b. Spolupracujeme se spole\u010dnostmi s n\u00ed\u017ee uveden\u00fdmi spole\u010dnostmi a akceptujeme z\u00e1kazn\u00edkem vlastn\u00ed zvolen\u00e9 financov\u00e1n\u00ed <\/p>\n\n\n\n<p><strong>\u2022 Raiffeisen &#8211; Leasing, s.r.o<br>\u2022 MONETA Money Bank,<br>\u2022 Essox, s.r.o.<\/strong><\/p>\n\n\n\n<div style=\"height:20px\" aria-hidden=\"true\" class=\"wp-block-spacer\"><\/div>\n\n\n\n<blockquote class=\"wp-block-quote has-text-align-left has-vivid-cyan-blue-color has-white-background-color has-text-color has-background has-small-font-size is-layout-flow wp-block-quote-is-layout-flow\">\n<p>REKLAMA<\/p>\n<cite><img loading=\"lazy\" decoding=\"async\" width=\"165\" height=\"46\" class=\"wp-image-359\" style=\"width: 165px;\" src=\"https:\/\/ncar.cz\/cze\/wp-content\/uploads\/2022\/09\/essox.png\" alt=\"\" srcset=\"https:\/\/ncar.cz\/cze\/wp-content\/uploads\/2022\/09\/essox.png 424w, https:\/\/ncar.cz\/cze\/wp-content\/uploads\/2022\/09\/essox-300x84.png 300w\" sizes=\"auto, (max-width: 165px) 100vw, 165px\" \/><img loading=\"lazy\" decoding=\"async\" width=\"290\" height=\"142\" class=\"wp-image-361\" style=\"width: 290px;\" src=\"https:\/\/ncar.cz\/cze\/wp-content\/uploads\/2022\/09\/moneta-auto.png\" alt=\"\" srcset=\"https:\/\/ncar.cz\/cze\/wp-content\/uploads\/2022\/09\/moneta-auto.png 512w, https:\/\/ncar.cz\/cze\/wp-content\/uploads\/2022\/09\/moneta-auto-300x146.png 300w\" sizes=\"auto, (max-width: 290px) 100vw, 290px\" \/>   <img loading=\"lazy\" decoding=\"async\" width=\"150\" height=\"50\" class=\"wp-image-365\" style=\"width: 150px;\" src=\"https:\/\/ncar.cz\/cze\/wp-content\/uploads\/2022\/09\/raiffeisen.jpg\" alt=\"\" srcset=\"https:\/\/ncar.cz\/cze\/wp-content\/uploads\/2022\/09\/raiffeisen.jpg 743w, https:\/\/ncar.cz\/cze\/wp-content\/uploads\/2022\/09\/raiffeisen-300x101.jpg 300w\" sizes=\"auto, (max-width: 150px) 100vw, 150px\" \/><\/cite><\/blockquote>\n<\/div>\n<\/div>\n\n\n\n<div style=\"height:50px\" aria-hidden=\"true\" class=\"wp-block-spacer\"><\/div>\n","protected":false},"excerpt":{"rendered":"<p>Prioritou ncar\u2122 je kompletn\u00ed nab\u00eddka slu\u017eeb spojen\u00e1 s prodejem star\u0161\u00edch osobn\u00edch i u\u017eitkov\u00fdch vozidel v\u0161ech zna\u010dek, kde je rozhoduj\u00edc\u00edm faktorem prokazateln\u00e9 ur\u010den\u00ed p\u016fvodu, po\u010det najet\u00fdch kilometr\u016f a tomu odpov\u00eddaj\u00edc\u00ed stav vozidla. Snahou ncar\u2122 je abyste Vy, na\u0161i z\u00e1kazn\u00edci, odch\u00e1zeli v\u017edy spokojeni a r\u00e1di se k n\u00e1m vraceli. Na\u0161im z\u00e1jmem je tak\u00e9 kulantn\u00ed vy\u0159\u00edzen\u00ed p\u0159\u00edpadn\u00e9 reklamace [&hellip;]<\/p>\n","protected":false},"author":1,"featured_media":0,"parent":0,"menu_order":0,"comment_status":"closed","ping_status":"closed","template":"","meta":{"_regular_price":[],"currency_symbol":[],"footnotes":""},"class_list":["post-89","page","type-page","status-publish","hentry"],"post_slider_layout_featured_media_urls":{"thumbnail":"","post_slider_layout_landscape_large":"","post_slider_layout_portrait_large":"","post_slider_layout_square_large":"","post_slider_layout_landscape":"","post_slider_layout_portrait":"","post_slider_layout_square":"","full":""},"yoast_head":"<!-- This site is optimized with the Yoast SEO plugin v24.9 - https:\/\/yoast.com\/wordpress\/plugins\/seo\/ -->\n<title>o ncar\u2122 - ncar.cz<\/title>\n<meta name=\"robots\" content=\"index, follow, max-snippet:-1, max-image-preview:large, max-video-preview:-1\" \/>\n<link rel=\"canonical\" href=\"https:\/\/ncar.cz\/cze\/o-nas\/\" \/>\n<meta property=\"og:locale\" content=\"cs_CZ\" \/>\n<meta property=\"og:type\" content=\"article\" \/>\n<meta property=\"og:title\" content=\"o ncar\u2122 - ncar.cz\" \/>\n<meta property=\"og:description\" content=\"Prioritou ncar\u2122 je kompletn\u00ed nab\u00eddka slu\u017eeb spojen\u00e1 s prodejem star\u0161\u00edch osobn\u00edch i u\u017eitkov\u00fdch vozidel v\u0161ech zna\u010dek, kde je rozhoduj\u00edc\u00edm faktorem prokazateln\u00e9 ur\u010den\u00ed p\u016fvodu, po\u010det najet\u00fdch kilometr\u016f a tomu odpov\u00eddaj\u00edc\u00ed stav vozidla. Snahou ncar\u2122 je abyste Vy, na\u0161i z\u00e1kazn\u00edci, odch\u00e1zeli v\u017edy spokojeni a r\u00e1di se k n\u00e1m vraceli. Na\u0161im z\u00e1jmem je tak\u00e9 kulantn\u00ed vy\u0159\u00edzen\u00ed p\u0159\u00edpadn\u00e9 reklamace [&hellip;]\" \/>\n<meta property=\"og:url\" content=\"https:\/\/ncar.cz\/cze\/o-nas\/\" \/>\n<meta property=\"og:site_name\" content=\"ncar.cz\" \/>\n<meta property=\"article:modified_time\" content=\"2026-04-07T07:35:35+00:00\" \/>\n<meta property=\"og:image\" content=\"https:\/\/ncar.cz\/cze\/wp-content\/uploads\/2022\/09\/profilem.jpg\" \/>\n\t<meta property=\"og:image:width\" content=\"128\" \/>\n\t<meta property=\"og:image:height\" content=\"128\" \/>\n\t<meta property=\"og:image:type\" content=\"image\/jpeg\" \/>\n<meta name=\"twitter:card\" content=\"summary_large_image\" \/>\n<meta name=\"twitter:label1\" content=\"Odhadovan\u00e1 doba \u010dten\u00ed\" \/>\n\t<meta name=\"twitter:data1\" content=\"2 minuty\" \/>\n<script type=\"application\/ld+json\" class=\"yoast-schema-graph\">{\"@context\":\"https:\/\/schema.org\",\"@graph\":[{\"@type\":\"WebPage\",\"@id\":\"https:\/\/ncar.cz\/cze\/o-nas\/\",\"url\":\"https:\/\/ncar.cz\/cze\/o-nas\/\",\"name\":\"o ncar\u2122 - ncar.cz\",\"isPartOf\":{\"@id\":\"https:\/\/ncar.cz\/cze\/#website\"},\"primaryImageOfPage\":{\"@id\":\"https:\/\/ncar.cz\/cze\/o-nas\/#primaryimage\"},\"image\":{\"@id\":\"https:\/\/ncar.cz\/cze\/o-nas\/#primaryimage\"},\"thumbnailUrl\":\"https:\/\/ncar.cz\/cze\/wp-content\/uploads\/2022\/09\/profilem.jpg\",\"datePublished\":\"2022-09-18T18:02:37+00:00\",\"dateModified\":\"2026-04-07T07:35:35+00:00\",\"breadcrumb\":{\"@id\":\"https:\/\/ncar.cz\/cze\/o-nas\/#breadcrumb\"},\"inLanguage\":\"cs\",\"potentialAction\":[{\"@type\":\"ReadAction\",\"target\":[\"https:\/\/ncar.cz\/cze\/o-nas\/\"]}]},{\"@type\":\"ImageObject\",\"inLanguage\":\"cs\",\"@id\":\"https:\/\/ncar.cz\/cze\/o-nas\/#primaryimage\",\"url\":\"https:\/\/ncar.cz\/cze\/wp-content\/uploads\/2022\/09\/profilem.jpg\",\"contentUrl\":\"https:\/\/ncar.cz\/cze\/wp-content\/uploads\/2022\/09\/profilem.jpg\",\"width\":128,\"height\":128},{\"@type\":\"BreadcrumbList\",\"@id\":\"https:\/\/ncar.cz\/cze\/o-nas\/#breadcrumb\",\"itemListElement\":[{\"@type\":\"ListItem\",\"position\":1,\"name\":\"Dom\u016f\",\"item\":\"https:\/\/ncar.cz\/cze\/\"},{\"@type\":\"ListItem\",\"position\":2,\"name\":\"o ncar\u2122\"}]},{\"@type\":\"WebSite\",\"@id\":\"https:\/\/ncar.cz\/cze\/#website\",\"url\":\"https:\/\/ncar.cz\/cze\/\",\"name\":\"ncar.cz\",\"description\":\"autobazar\",\"publisher\":{\"@id\":\"https:\/\/ncar.cz\/cze\/#organization\"},\"potentialAction\":[{\"@type\":\"SearchAction\",\"target\":{\"@type\":\"EntryPoint\",\"urlTemplate\":\"https:\/\/ncar.cz\/cze\/?s={search_term_string}\"},\"query-input\":{\"@type\":\"PropertyValueSpecification\",\"valueRequired\":true,\"valueName\":\"search_term_string\"}}],\"inLanguage\":\"cs\"},{\"@type\":\"Organization\",\"@id\":\"https:\/\/ncar.cz\/cze\/#organization\",\"name\":\"ncar.cz\",\"url\":\"https:\/\/ncar.cz\/cze\/\",\"logo\":{\"@type\":\"ImageObject\",\"inLanguage\":\"cs\",\"@id\":\"https:\/\/ncar.cz\/cze\/#\/schema\/logo\/image\/\",\"url\":\"https:\/\/ncar.cz\/cze\/wp-content\/uploads\/2022\/10\/cropped-logo.png\",\"contentUrl\":\"https:\/\/ncar.cz\/cze\/wp-content\/uploads\/2022\/10\/cropped-logo.png\",\"width\":240,\"height\":120,\"caption\":\"ncar.cz\"},\"image\":{\"@id\":\"https:\/\/ncar.cz\/cze\/#\/schema\/logo\/image\/\"}}]}<\/script>\n<!-- \/ Yoast SEO plugin. -->","yoast_head_json":{"title":"o ncar\u2122 - ncar.cz","robots":{"index":"index","follow":"follow","max-snippet":"max-snippet:-1","max-image-preview":"max-image-preview:large","max-video-preview":"max-video-preview:-1"},"canonical":"https:\/\/ncar.cz\/cze\/o-nas\/","og_locale":"cs_CZ","og_type":"article","og_title":"o ncar\u2122 - ncar.cz","og_description":"Prioritou ncar\u2122 je kompletn\u00ed nab\u00eddka slu\u017eeb spojen\u00e1 s prodejem star\u0161\u00edch osobn\u00edch i u\u017eitkov\u00fdch vozidel v\u0161ech zna\u010dek, kde je rozhoduj\u00edc\u00edm faktorem prokazateln\u00e9 ur\u010den\u00ed p\u016fvodu, po\u010det najet\u00fdch kilometr\u016f a tomu odpov\u00eddaj\u00edc\u00ed stav vozidla. Snahou ncar\u2122 je abyste Vy, na\u0161i z\u00e1kazn\u00edci, odch\u00e1zeli v\u017edy spokojeni a r\u00e1di se k n\u00e1m vraceli. Na\u0161im z\u00e1jmem je tak\u00e9 kulantn\u00ed vy\u0159\u00edzen\u00ed p\u0159\u00edpadn\u00e9 reklamace [&hellip;]","og_url":"https:\/\/ncar.cz\/cze\/o-nas\/","og_site_name":"ncar.cz","article_modified_time":"2026-04-07T07:35:35+00:00","og_image":[{"width":128,"height":128,"url":"https:\/\/ncar.cz\/cze\/wp-content\/uploads\/2022\/09\/profilem.jpg","type":"image\/jpeg"}],"twitter_card":"summary_large_image","twitter_misc":{"Odhadovan\u00e1 doba \u010dten\u00ed":"2 minuty"},"schema":{"@context":"https:\/\/schema.org","@graph":[{"@type":"WebPage","@id":"https:\/\/ncar.cz\/cze\/o-nas\/","url":"https:\/\/ncar.cz\/cze\/o-nas\/","name":"o ncar\u2122 - ncar.cz","isPartOf":{"@id":"https:\/\/ncar.cz\/cze\/#website"},"primaryImageOfPage":{"@id":"https:\/\/ncar.cz\/cze\/o-nas\/#primaryimage"},"image":{"@id":"https:\/\/ncar.cz\/cze\/o-nas\/#primaryimage"},"thumbnailUrl":"https:\/\/ncar.cz\/cze\/wp-content\/uploads\/2022\/09\/profilem.jpg","datePublished":"2022-09-18T18:02:37+00:00","dateModified":"2026-04-07T07:35:35+00:00","breadcrumb":{"@id":"https:\/\/ncar.cz\/cze\/o-nas\/#breadcrumb"},"inLanguage":"cs","potentialAction":[{"@type":"ReadAction","target":["https:\/\/ncar.cz\/cze\/o-nas\/"]}]},{"@type":"ImageObject","inLanguage":"cs","@id":"https:\/\/ncar.cz\/cze\/o-nas\/#primaryimage","url":"https:\/\/ncar.cz\/cze\/wp-content\/uploads\/2022\/09\/profilem.jpg","contentUrl":"https:\/\/ncar.cz\/cze\/wp-content\/uploads\/2022\/09\/profilem.jpg","width":128,"height":128},{"@type":"BreadcrumbList","@id":"https:\/\/ncar.cz\/cze\/o-nas\/#breadcrumb","itemListElement":[{"@type":"ListItem","position":1,"name":"Dom\u016f","item":"https:\/\/ncar.cz\/cze\/"},{"@type":"ListItem","position":2,"name":"o ncar\u2122"}]},{"@type":"WebSite","@id":"https:\/\/ncar.cz\/cze\/#website","url":"https:\/\/ncar.cz\/cze\/","name":"ncar.cz","description":"autobazar","publisher":{"@id":"https:\/\/ncar.cz\/cze\/#organization"},"potentialAction":[{"@type":"SearchAction","target":{"@type":"EntryPoint","urlTemplate":"https:\/\/ncar.cz\/cze\/?s={search_term_string}"},"query-input":{"@type":"PropertyValueSpecification","valueRequired":true,"valueName":"search_term_string"}}],"inLanguage":"cs"},{"@type":"Organization","@id":"https:\/\/ncar.cz\/cze\/#organization","name":"ncar.cz","url":"https:\/\/ncar.cz\/cze\/","logo":{"@type":"ImageObject","inLanguage":"cs","@id":"https:\/\/ncar.cz\/cze\/#\/schema\/logo\/image\/","url":"https:\/\/ncar.cz\/cze\/wp-content\/uploads\/2022\/10\/cropped-logo.png","contentUrl":"https:\/\/ncar.cz\/cze\/wp-content\/uploads\/2022\/10\/cropped-logo.png","width":240,"height":120,"caption":"ncar.cz"},"image":{"@id":"https:\/\/ncar.cz\/cze\/#\/schema\/logo\/image\/"}}]}},"_links":{"self":[{"href":"https:\/\/ncar.cz\/cze\/wp-json\/wp\/v2\/pages\/89","targetHints":{"allow":["GET"]}}],"collection":[{"href":"https:\/\/ncar.cz\/cze\/wp-json\/wp\/v2\/pages"}],"about":[{"href":"https:\/\/ncar.cz\/cze\/wp-json\/wp\/v2\/types\/page"}],"author":[{"embeddable":true,"href":"https:\/\/ncar.cz\/cze\/wp-json\/wp\/v2\/users\/1"}],"replies":[{"embeddable":true,"href":"https:\/\/ncar.cz\/cze\/wp-json\/wp\/v2\/comments?post=89"}],"version-history":[{"count":35,"href":"https:\/\/ncar.cz\/cze\/wp-json\/wp\/v2\/pages\/89\/revisions"}],"predecessor-version":[{"id":709,"href":"https:\/\/ncar.cz\/cze\/wp-json\/wp\/v2\/pages\/89\/revisions\/709"}],"wp:attachment":[{"href":"https:\/\/ncar.cz\/cze\/wp-json\/wp\/v2\/media?parent=89"}],"curies":[{"name":"wp","href":"https:\/\/api.w.org\/{rel}","templated":true}]}}